{"id":167,"date":"2023-04-05T11:45:46","date_gmt":"2023-04-05T09:45:46","guid":{"rendered":"https:\/\/www.lessmeister.de\/?page_id=167"},"modified":"2023-04-05T15:45:51","modified_gmt":"2023-04-05T13:45:51","slug":"datenschutzerklaerung-2","status":"publish","type":"page","link":"https:\/\/www.lessmeister.de\/?page_id=167","title":{"rendered":"Datenschutzerkl\u00e4rung"},"content":{"rendered":"\n<p><\/p>\n\n\n<div class=\"wp-block-image\">\n<figure class=\"aligncenter size-large is-resized\"><img loading=\"lazy\" decoding=\"async\" src=\"https:\/\/www.lessmeister.de\/wp-content\/uploads\/2023\/04\/Andi567_dark_navy_background_with_big_flat_2D_metallic_network__ca188daa-20e4-4bb9-b862-e72c0f62c02f-1024x512.png\" alt=\"\" class=\"wp-image-36\" width=\"1114\" height=\"557\" srcset=\"https:\/\/www.lessmeister.de\/wp-content\/uploads\/2023\/04\/Andi567_dark_navy_background_with_big_flat_2D_metallic_network__ca188daa-20e4-4bb9-b862-e72c0f62c02f-1024x512.png 1024w, https:\/\/www.lessmeister.de\/wp-content\/uploads\/2023\/04\/Andi567_dark_navy_background_with_big_flat_2D_metallic_network__ca188daa-20e4-4bb9-b862-e72c0f62c02f-300x150.png 300w, https:\/\/www.lessmeister.de\/wp-content\/uploads\/2023\/04\/Andi567_dark_navy_background_with_big_flat_2D_metallic_network__ca188daa-20e4-4bb9-b862-e72c0f62c02f-768x384.png 768w, https:\/\/www.lessmeister.de\/wp-content\/uploads\/2023\/04\/Andi567_dark_navy_background_with_big_flat_2D_metallic_network__ca188daa-20e4-4bb9-b862-e72c0f62c02f.png 1536w\" sizes=\"auto, (max-width: 1114px) 100vw, 1114px\" \/><\/figure>\n<\/div>\n\n\n<div class=\"wp-block-group has-background\" style=\"background-color:#0b111c6e\"><div class=\"wp-block-group__inner-container is-layout-constrained wp-block-group-is-layout-constrained\">\n<hr class=\"wp-block-separator has-alpha-channel-opacity\"\/>\n\n\n\n<div class=\"wp-block-group has-background\" style=\"background-color:#0b111ca8\"><div class=\"wp-block-group__inner-container is-layout-constrained wp-block-group-is-layout-constrained\">\n<p>Vielen Dank f\u00fcr Ihr Interesse an unserem Onlineauftritt. Der Schutz Ihrer pers\u00f6nlichen Daten liegt uns sehr am Herzen. An dieser Stelle m\u00f6chten wir Sie daher \u00fcber den Datenschutz in unserem Unternehmen informieren. Selbstverst\u00e4ndlich beachten wir die gesetzlichen Bestimmungen der Datenschutzgrundverordnung (DSGVO), des Bundes-Datenschutzgesetzes (BDSG), des Telemediengesetzes (TMG) und anderer datenschutzrechtlicher Bestimmungen.<\/p>\n\n\n\n<p>Bei Ihren pers\u00f6nlichen Daten k\u00f6nnen Sie uns vertrauen! Sie werden durch zeitgem\u00e4\u00dfe Sicherheitssysteme verschl\u00fcsselt und an uns \u00fcbertragen. Unsere Webseiten sind durch technische und organisatorische Ma\u00dfnahmen gegen Besch\u00e4digungen, Zerst\u00f6rung oder unberechtigten Zugriff gesch\u00fctzt.<\/p>\n\n\n\n<h2 class=\"wp-block-heading\"><strong>Betroffenenrechte<\/strong><\/h2>\n\n\n\n<p>Sie erhalten jederzeit ohne Angabe von Gr\u00fcnden Auskunft \u00fcber Ihre bei uns gespeicherten Daten.<\/p>\n\n\n\n<p>Sie haben das Recht:<\/p>\n\n\n\n<ul class=\"wp-block-list\">\n<li>gem\u00e4\u00df Art. 15 DSGVO Auskunft \u00fcber Ihre von uns verarbeiteten personenbezogenen Daten zu verlangen. Insbesondere k\u00f6nnen Sie Auskunft \u00fcber die Verarbeitungszwecke, die Kategorie der personenbezogenen Daten, die Kategorien von Empf\u00e4ngern, gegen\u00fcber denen Ihre Daten offengelegt wurden oder werden, die geplante Speicherdauer, das Bestehen eines Rechts auf Berichtigung, L\u00f6schung, Einschr\u00e4nkung der Verarbeitung oder Widerspruch, das Bestehen eines Beschwerderechts, die Herkunft ihrer Daten, sofern diese nicht bei uns erhoben wurden, sowie \u00fcber das Bestehen einer automatisierten Entscheidungsfindung einschlie\u00dflich Profiling und ggf. aussagekr\u00e4ftigen Informationen zu deren Einzelheiten verlangen;<\/li>\n\n\n\n<li>gem\u00e4\u00df Art. 16 DSGVO unverz\u00fcglich die Berichtigung unrichtiger oder Vervollst\u00e4ndigung Ihrer bei uns gespeicherten personenbezogenen Daten zu verlangen;<\/li>\n\n\n\n<li>gem\u00e4\u00df Art. 17 DSGVO die L\u00f6schung Ihrer bei uns gespeicherten personenbezogenen Daten zu verlangen, soweit nicht die Verarbeitung zur Aus\u00fcbung des Rechts auf freie Meinungs\u00e4u\u00dferung und Information, zur Erf\u00fcllung einer rechtlichen Verpflichtung, aus Gr\u00fcnden des \u00f6ffentlichen Interesses oder zur Geltendmachung, Aus\u00fcbung oder Verteidigung von Rechtsanspr\u00fcchen erforderlich ist;<\/li>\n\n\n\n<li>gem\u00e4\u00df Art. 18 DSGVO die Einschr\u00e4nkung der Verarbeitung Ihrer personenbezogenen Daten zu verlangen, soweit die Richtigkeit der Daten von Ihnen bestritten wird, die Verarbeitung unrechtm\u00e4\u00dfig ist, Sie aber deren L\u00f6schung ablehnen und wir die Daten nicht mehr ben\u00f6tigen, Sie jedoch diese zur Geltendmachung, Aus\u00fcbung oder Verteidigung von Rechtsanspr\u00fcchen ben\u00f6tigen oder Sie gem\u00e4\u00df Art. 21 DSGVO Widerspruch gegen die Verarbeitung eingelegt haben;<\/li>\n\n\n\n<li>gem\u00e4\u00df Art. 20 DSGVO Ihre personenbezogenen Daten, die Sie uns bereitgestellt haben, in einem strukturierten, g\u00e4ngigen und maschinenlesebaren Format zu erhalten oder die \u00dcbermittlung an einen anderen Verantwortlichen zu verlangen;<\/li>\n\n\n\n<li>gem\u00e4\u00df Art. 7 Abs. 3 DSGVO Ihre einmal erteilte Einwilligung jederzeit gegen\u00fcber uns zu widerrufen. Dies hat zur Folge, dass wir die Datenverarbeitung, die auf dieser Einwilligung beruhte, f\u00fcr die Zukunft nicht mehr fortf\u00fchren d\u00fcrfen und<\/li>\n\n\n\n<li>gem\u00e4\u00df Art. 77 DSGVO sich bei einer Aufsichtsbeh\u00f6rde zu beschweren. In der Regel k\u00f6nnen Sie sich hierf\u00fcr an die Aufsichtsbeh\u00f6rde Ihres \u00fcblichen Aufenthaltsortes oder Arbeitsplatzes oder unseres Unternehmens wenden.<\/li>\n<\/ul>\n\n\n\n<h2 class=\"wp-block-heading\"><strong>Widerrufsrecht<\/strong><\/h2>\n\n\n\n<p>Sie k\u00f6nnen jederzeit Ihre bei uns erhobenen Daten sperren, berichtigen oder l\u00f6schen lassen sofern Ihre personenbezogenen Daten auf Grundlage von berechtigten Interessen gem\u00e4\u00df Art. 6 Abs. 1 S. 1 lit. f DSGVO verarbeitet werden und der pseudonymisierten Datenerhebung und -speicherung zu Optimierungszwecken unserer Website widersprechen. Dieser Widerspruch erfolgt gem\u00e4\u00df Art 21 DSGVO. Auch k\u00f6nnen Sie jederzeit die uns erteilte Einwilligung zur Datenerhebung und Verwendung ohne Angaben von Gr\u00fcnden widerrufen. Wenden Sie sich hierzu bitte an die angegebene Kontaktadresse. Wir stehen Ihnen jederzeit gern f\u00fcr weitergehende Fragen zu unserem Hinweisen zum Datenschutz und zur Verarbeitung Ihrer pers\u00f6nlichen Daten zur Verf\u00fcgung.<\/p>\n\n\n\n<p>Beachten sie, dass sich Datenschutzbestimmungen und Handhabungen zum Datenschutz, z. B. bei Google, laufend \u00e4ndern k\u00f6nnen. Es ist daher ratsam und erforderlich, sich \u00fcber Ver\u00e4nderungen der gesetzlichen Bestimmungen und der Praxis von Unternehmen, z. B. Google, laufend zu informieren.<\/p>\n\n\n\n<h2 class=\"wp-block-heading\"><strong>Datensicherheit<\/strong><\/h2>\n\n\n\n<p>Wir verwenden das verbreitete SSL-Verfahren (Secure Socket Layer) in Verbindung mit der jeweils h\u00f6chsten Verschl\u00fcsselungsstufe, die von Ihrem Browser unterst\u00fctzt wird. Dies erkennen Sie an dem Schl\u00fcssel- bzw. dem Schlosssymbol in Ihrem Browser.<\/p>\n\n\n\n<p>Weiterhin bedienen wir uns geeigneter technischer und organisatorischer Sicherheitsma\u00dfnahmen, um Ihre Daten gegen zuf\u00e4llige oder vors\u00e4tzliche Manipulationen, teilweisen oder vollst\u00e4ndigen Verlust, Zerst\u00f6rung oder gegen den unbefugten Zugriff Dritter zu sch\u00fctzen. Wir verbessern unsere Sicherheitsma\u00dfnahmen fortlaufend, entsprechend der technologischen Entwicklung.<\/p>\n\n\n\n<h2 class=\"wp-block-heading\"><strong>Gegenstand des Datenschutzes<\/strong><\/h2>\n\n\n\n<p>Gegenstand des Datenschutzes sind personenbezogene Daten. Diese sind nach Art. 4 Abs. 1 DSGVO Einzelangaben \u00fcber pers\u00f6nlich oder sachliche Verh\u00e4ltnisse einer bestimmten oder bestimmbaren nat\u00fcrlichen Person. Hierunter fallen z. B. Angaben wie Name, Post-Adresse, E-Mail-Adresse oder Telefonnummer, ggf. aber auch Nutzungsdaten wie Ihre IP-Adresse.<\/p>\n\n\n\n<h2 class=\"wp-block-heading\"><strong>Weitere Begriffsbestimmungen zum verbesserten Verst\u00e4ndnis<\/strong><\/h2>\n\n\n\n<p>Uns ist es wichtig, dass Sie unsere Datenschutzerkl\u00e4rung leicht verstehen, weswegen wir an dieser Stelle wichtige Begriffe kurz erl\u00e4utern m\u00f6chten:<\/p>\n\n\n\n<h3 class=\"wp-block-heading\"><strong>Betroffene Person:<\/strong><\/h3>\n\n\n\n<p>Das sind Sie als Eigent\u00fcmer Ihrer eigenen Daten. Sie d\u00fcrfen im Rahmen Ihrer Betroffenenrechte mitentscheiden, wie Ihre Daten verarbeitet werden und d\u00fcrfen die Verarbeitung auch widerrufen.<\/p>\n\n\n\n<h3 class=\"wp-block-heading\"><strong>Verantwortlicher:<\/strong><\/h3>\n\n\n\n<p>Das sind wir, da wir f\u00fcr die ordnungsgem\u00e4\u00dfe Verarbeitung Ihrer Daten verantwortlich sind.<\/p>\n\n\n\n<h3 class=\"wp-block-heading\"><strong>Verarbeitung:<\/strong><\/h3>\n\n\n\n<p>Das ist der Vorgang oder auch eine Vorgangsreihe im Zusammenhang mit personenbezogenen Daten von der Erhebung der Daten \u00fcber die Verwendung bis zur L\u00f6schung oder Vernichtung. Diese k\u00f6nnen wir selbst durchf\u00fchren oder von uns direkt beauftragte Dienstleister sind eingebunden.<\/p>\n\n\n\n<h3 class=\"wp-block-heading\"><strong>Pseudonymisierung:<\/strong><\/h3>\n\n\n\n<p>Bei der Pseudonymisierung werden die Daten so verarbeitet, dass sie ohne die Hinzuziehung zus\u00e4tzlicher Informationen nicht mehr einer spezifischen betroffenen Person zugeordnet werden k\u00f6nnen. Grunds\u00e4tzlich kann eine Pseudonymisierung aber immer aufgehoben werden, wenn die entsprechenden Daten zusammengebracht werden.<\/p>\n\n\n\n<h3 class=\"wp-block-heading\"><strong>Anonymisierung:<\/strong><\/h3>\n\n\n\n<p>Die personenbezogenen Daten werden gel\u00f6scht oder so verfremdet, dass damit unter normalen Umst\u00e4nden keine M\u00f6glichkeit mehr besteht, die einzelne Person zu identifizieren. Wenn wir Auswertungen oder Statistiken machen, versuchen wir wo immer m\u00f6glich mit anonymisierten Daten zu arbeiten.<\/p>\n\n\n\n<h2 class=\"wp-block-heading\">Umfang der Datenerhebung und -speicherung<\/h2>\n\n\n\n<h3 class=\"wp-block-heading\"><strong>Aufruf unserer Webseite<\/strong><\/h3>\n\n\n\n<p>Betroffene Personen k\u00f6nnen unsere Website grunds\u00e4tzlich nutzen, ohne eine Angabe \u00fcber ihre personenbezogenen Daten machen zu m\u00fcssen. Die Verarbeitung personenbezogener Daten kann jedoch dann notwendig werden, wenn die betroffene Person bestimmte Services, wie z.B. unseren Newsletter oder weitere Produktinformationen, erhalten m\u00f6chte.<\/p>\n\n\n\n<p>Beim Besuch unserer Webseite erheben wir folgende Daten, die f\u00fcr uns technisch erforderlich sind. Wir ben\u00f6tigen die Daten, um Ihnen unsere Webseite anzuzeigen und damit Stabilit\u00e4t und Sicherheit zu gew\u00e4hrleisten:<\/p>\n\n\n\n<ul class=\"wp-block-list\">\n<li>IP-Adresse des anfragenden Rechners,<\/li>\n\n\n\n<li>Datum und Uhrzeit der Anfrage<\/li>\n\n\n\n<li>Name und URL der abgerufenen Datei,<\/li>\n\n\n\n<li>Website, von der die Anforderung kommt (Referrer-URL),<\/li>\n\n\n\n<li>verwendeter Browser und ggf. das Betriebssystem Ihres Rechners sowie der Name Ihres Access-Providers.<\/li>\n<\/ul>\n\n\n\n<p>Die genannten Daten werden durch uns zu folgenden Zwecken verarbeitet:<\/p>\n\n\n\n<ul class=\"wp-block-list\">\n<li>Gew\u00e4hrleistung einer komfortablen Nutzung unserer Website,<\/li>\n\n\n\n<li>Gew\u00e4hrleistung eines reibungslosen Verbindungsaufbaus der Website,<\/li>\n\n\n\n<li>Auswertung der Systemsicherheit und -stabilit\u00e4t sowie<\/li>\n\n\n\n<li>zu weiteren administrativen Zwecken im Rahmen der Vertragserf\u00fcllung oder zur Erf\u00fcllung gesetzlicher oder aufsichtsbeh\u00f6rdlicher Anforderungen an uns.<\/li>\n<\/ul>\n\n\n\n<p>Die Verarbeitung beruht auf Art. 6 I lit. a DSGVO, wenn Sie uns Ihre Einwilligung zu der Verarbeitung der sie betreffenden personenbezogenen Daten f\u00fcr einen oder mehrere bestimmte Zwecke gegeben haben.<\/p>\n\n\n\n<p>Die Verarbeitung beruht auf Art. 6 I lit. b DSGVO, wenn die Verarbeitung zur Erf\u00fcllung eines Vertrages dessen Vertragspartei die betroffene Person ist, erforderlich wird. Dies gilt auch bei vorvertraglichen Ma\u00dfnahmen, die auf Anfrage der betroffenen Person erfolgen.<\/p>\n\n\n\n<p>Die Verarbeitung beruht auf Art. 6 I lit. c DSGVO, wenn die Verarbeitung zur Erf\u00fcllung einer rechtlichen Verpflichtung, der wir unterliegen, erforderlich ist.<\/p>\n\n\n\n<p>Die Verarbeitung beruht auf Art. 6 I lit. d DSGVO, wenn die Verarbeitung zum Schutz lebenswichtiger Interessen der betroffenen Person oder einer anderen nat\u00fcrlichen Person&nbsp;erforderlich ist. Dies kann dann ein seltener Fall sein, wenn sich eine betroffene Person schwer verletzt und daher dessen personenbezogenen Daten z.B. an einen Arzt weitergegeben werden.<\/p>\n\n\n\n<p>Die Verarbeitung beruht auf Art. 6 I lit. f DSGVO, wenn die Verarbeitung zur Wahrung der berechtigten Interessen des Verantwortlichen oder eines Dritten erforderlich ist, sofern nicht die Interessen oder Grundrechte und Grundfreiheiten der betroffenen Person, die den Schutz personenbezogener Daten erfordern, \u00fcberwiegen.<\/p>\n\n\n\n<h3 class=\"wp-block-heading\"><strong>Erhebung und Speicherung von Nutzungsdaten<\/strong><\/h3>\n\n\n\n<p>Zur Optimierung unserer Webseite sammeln und speichern wir f\u00fcr 30 Tage Daten wie z. B. Datum und Uhrzeit des Seitenaufrufs, die Seite, von der Sie unsere Seite aufgerufen haben und \u00e4hnliches, sofern Sie dieser Datenerhebung und -speicherung nicht widersprechen.<\/p>\n\n\n\n<p>Dies erfolgt anonymisiert, ohne den Benutzer der Seite pers\u00f6nlich zu identifizieren. Ggf. werden Nutzerprofile mittels eines Pseudonyms erstellt. Auch hierbei erfolgt keine Verbindung zwischen der hinter dem Pseudonym stehenden nat\u00fcrlichen Personen mit den erhobenen Nutzungsdaten. Zur Erhebung und Speicherung der Nutzungsdaten setzen wir auch Cookies ein.<\/p>\n\n\n\n<p>Dabei handelt es sich um kleine Textdateien, die auf Ihrem Computer gespeichert werden und zur Speicherung von statistischen Information wie Betriebssystem, Ihrem Internetbenutzungsprogramm (Browser), IP-Adresse, der zuvor aufgerufene Webseite (Referrer-URL) und der Uhrzeit dienen. Diese Daten erheben wir ausschlie\u00dflich, zu statistischen Zwecken, um unseren Internetauftritt weiter zu optimieren und unsere Internetangebote noch attraktiver gestalten zu k\u00f6nnen.<\/p>\n\n\n\n<p>Die Erhebung und Speicherung erfolgt ausschlie\u00dflich in anonymisierter oder pseudonymisierter Form und l\u00e4sst keinen R\u00fcckschluss auf Sie als nat\u00fcrliche Person zu.<\/p>\n\n\n\n<h3 class=\"wp-block-heading\"><strong>Kontaktformular<\/strong><\/h3>\n\n\n\n<p>Haben Sie eine Anfrage an unser Unternehmen, haben Sie die M\u00f6glichkeit, \u00fcber ein auf unserer Webseite bereitgestelltes Kontaktformular mit uns Kontakt aufnehmen. Die Angabe einer g\u00fcltigen E-Mail-Adresse wird gefordert, damit wir wissen, von wem die Anfrage stammt und um diese beantworten zu k\u00f6nnen. Alle weiteren Angaben sind freiwillig.<\/p>\n\n\n\n<p>Die Datenverarbeitung zum Zwecke der Kontaktaufnahme mit uns erfolgt nach Art. 6 Abs. 1 S. 1 lit. a DSGVO auf Grundlage Ihrer freiwillig erteilten Einwilligung.<\/p>\n\n\n\n<h3 class=\"wp-block-heading\"><strong>Kommentarfunktion im Blog<\/strong><\/h3>\n\n\n\n<p>Nutzer k\u00f6nnen Kommentare hinterlassen. Dabei werden die IP-Adressen auf Grundlage unserer berechtigten Interessen im Sinne des Art.&nbsp;&nbsp;Abs. 1 lit. f. DSGVO gespeichert. Diese Ma\u00dfnahme dient unserer Sicherheit, um Kommentare und Beitr\u00e4ge mit widerrechtlichen Inhalten nachvollziehen zu k\u00f6nnen (Beleidigungen, verbotene politische Propaganda, etc.). Wenn das passiert, k\u00f6nnen wir selbst f\u00fcr den Kommentar oder Beitrag belangt werden und sind daher an der Identit\u00e4t des Verfassers interessiert.<\/p>\n\n\n\n<p>Kommentare k\u00f6nnen von Dritten abonniert werden. Wenn Sie sich daf\u00fcr entscheiden, versenden wir eine automatische Best\u00e4tigungsnachricht, um durch dieses Double-Opt-In-Verfahren zu pr\u00fcfen, ob Sie tats\u00e4chlich der Inhaber der eingetragenen E-Mail-Adresse sind.<\/p>\n\n\n\n<p>Die betroffene Person kann jederzeit von ihren Rechten Gebrauch machen.<\/p>\n\n\n\n<h3 class=\"wp-block-heading\"><strong>Erbringung von Dienstleistungen und Zusendung von Waren<\/strong><\/h3>\n\n\n\n<p>Damit wir unsere Dienstleistungen erbringen k\u00f6nnen, ben\u00f6tigen wir ggf. Ihre personenbezogenen Daten. Dies gilt sowohl bei der Zusendung von Informationsmaterial oder bestellter Ware sowie auch f\u00fcr die Beantwortung individueller Anfragen. Diese Daten erheben wir aus dem Grund, um Ihrer Anfrage gerecht zu werden. Diese Daten werden nur zweckgebunden verwendet.<\/p>\n\n\n\n<p>Wenn Sie uns mit der Erbringung einer Dienstleistung oder der Zusendung von Waren beauftragen, erheben und speichern wir Ihre pers\u00f6nlichen Daten grunds\u00e4tzlich nur, soweit es f\u00fcr die Erbringung der Dienstleistung oder die Durchf\u00fchrung des Vertrages und aus gesetzlichen Gr\u00fcnden notwendig ist. Dazu kann es erforderlich sein, Ihre pers\u00f6nlichen Daten an Unternehmen weiterzugeben, die wir zur Erbringung der Dienstleistung oder zur Vertragsabwicklung einsetzen. Dies sind z. B. Transportunternehmen oder andere Service-Dienste. Diese Dienstleister werden von uns im Rahmen der gesetzlichen Bedingungen auf die Einhaltung der Datenschutzanforderungen verpflichtet.<\/p>\n\n\n\n<p>Nach vollst\u00e4ndiger Vertragsabwicklung werden Ihre Daten gesperrt und nach Ablauf der steuer- und handelsrechtlichen Vorschriften gel\u00f6scht, sofern Sie nicht ausdr\u00fccklich einer dar\u00fcberhinausgehenden Datenverwendung zugestimmt haben.<\/p>\n\n\n\n<h2 class=\"wp-block-heading\"><strong>Einbindung von Inhalten und Diensten Dritter<\/strong><\/h2>\n\n\n\n<p>Keine<\/p>\n\n\n\n<h3 class=\"wp-block-heading\"><strong>Speicherdauer und routinem\u00e4\u00dfige L\u00f6schung und Sperrung von personenbezogenen Daten<\/strong><\/h3>\n\n\n\n<p>Wir speichern Ihre personenbezogenen Daten nur f\u00fcr den zeitlichen Rahmen, der sich aus der zweckgebundenen Verarbeitung oder durch andere gesetzliche Vorschriften ergibt. Bei der Dauer der Speicherung richten wir uns nach den gesetzlichen Aufbewahrungsfristen. Ihre Daten werden dann routinem\u00e4\u00dfig gesperrt oder gel\u00f6scht, wenn der Speicherungszweck entf\u00e4llt oder die gesetzliche Aufbewahrungsfrist erloschen ist.<\/p>\n\n\n\n<p>Mit der Wahrung der berechtigten eigenen Interessen kann etwa die tempor\u00e4re Speicherung der IP-Adressen der Website-Besucher begr\u00fcndet werden, sofern dies notwendig ist, um etwa die Sicherheit der Website gegen\u00fcber Angriffen zu gew\u00e4hrleisten.<\/p>\n\n\n\n<h2 class=\"wp-block-heading\"><strong>Bestehen einer automatisierten Entscheidungsfindung<\/strong><\/h2>\n\n\n\n<p>Wir verzichten auf eine automatisierte Entscheidungsfindung.<\/p>\n\n\n\n<h2 class=\"wp-block-heading\"><strong>Zweckgebundene Datenverwendung<\/strong><\/h2>\n\n\n\n<p>Wir beachten den Grundsatz der zweckgebundenen Daten-Verwendung und erheben, verarbeiten und speichern Ihre personenbezogenen Daten nur f\u00fcr die Zwecke, f\u00fcr die Sie sie uns mitgeteilt haben. Eine Weitergabe Ihrer pers\u00f6nlichen Daten an Dritte erfolgt ohne Ihre ausdr\u00fcckliche Einwilligung nicht, sofern dies nicht zur Erbringung der Dienstleistung oder zur Vertragsdurchf\u00fchrung notwendig ist. Auch die \u00dcbermittlung an auskunftsberechtigte staatliche Institution und Beh\u00f6rden erfolgt nur im Rahmen der gesetzlichen Auskunftspflichten oder wenn wir durch eine gerichtliche Entscheidung zur Auskunft verpflichtet werden.<\/p>\n\n\n\n<p>Auch den unternehmensinternen Datenschutz nehmen wir sehr ernst. Unsere Mitarbeiter und die von uns beauftragten Dienstleistungsunternehmen sind von uns zur Verschwiegenheit und zur Einhaltung der datenschutzrechtlichen Bestimmungen verpflichtet worden.<\/p>\n\n\n\n<h2 class=\"wp-block-heading\"><strong>Aktualit\u00e4t und \u00c4nderung dieser Datenschutzerkl\u00e4rung<\/strong><\/h2>\n\n\n\n<p>Diese Datenschutzerkl\u00e4rung ist aktuell g\u00fcltig und hat den Stand April 2023. Die Weiterentwicklung unserer Webseite und unseres Angebots sowie gesetzliche und beh\u00f6rdliche Anforderungen erfordern die regelm\u00e4\u00dfige \u00dcberpr\u00fcfung und ggf. \u00c4nderung unserer Datenschutzrichtlinie. Der jeweils aktuelle Stand unserer Datenschutzerkl\u00e4rung kann jederzeit auf unserer Webseite abgerufen werden.<\/p>\n<\/div><\/div>\n<\/div><\/div>\n","protected":false},"excerpt":{"rendered":"<p>Vielen Dank f\u00fcr Ihr Interesse an unserem Onlineauftritt. Der Schutz Ihrer pers\u00f6nlichen Daten liegt uns sehr am Herzen. An dieser Stelle m\u00f6chten wir Sie daher \u00fcber den Datenschutz in unserem Unternehmen informieren. Selbstverst\u00e4ndlich beachten wir die gesetzlichen Bestimmungen der Datenschutzgrundverordnung (DSGVO), des Bundes-Datenschutzgesetzes (BDSG), des Telemediengesetzes (TMG) und anderer datenschutzrechtlicher Bestimmungen. Bei Ihren pers\u00f6nlichen Daten&hellip;&nbsp;<a href=\"https:\/\/www.lessmeister.de\/?page_id=167\" rel=\"bookmark\">Weiterlesen &raquo;<span class=\"screen-reader-text\">Datenschutzerkl\u00e4rung<\/span><\/a><\/p>\n","protected":false},"author":1,"featured_media":0,"parent":0,"menu_order":0,"comment_status":"closed","ping_status":"closed","template":"","meta":{"neve_meta_sidebar":"","neve_meta_container":"","neve_meta_enable_content_width":"","neve_meta_content_width":0,"neve_meta_title_alignment":"","neve_meta_author_avatar":"","neve_post_elements_order":"","neve_meta_disable_header":"","neve_meta_disable_footer":"","neve_meta_disable_title":"","footnotes":""},"class_list":["post-167","page","type-page","status-publish","hentry"],"_links":{"self":[{"href":"https:\/\/www.lessmeister.de\/index.php?rest_route=\/wp\/v2\/pages\/167","targetHints":{"allow":["GET"]}}],"collection":[{"href":"https:\/\/www.lessmeister.de\/index.php?rest_route=\/wp\/v2\/pages"}],"about":[{"href":"https:\/\/www.lessmeister.de\/index.php?rest_route=\/wp\/v2\/types\/page"}],"author":[{"embeddable":true,"href":"https:\/\/www.lessmeister.de\/index.php?rest_route=\/wp\/v2\/users\/1"}],"replies":[{"embeddable":true,"href":"https:\/\/www.lessmeister.de\/index.php?rest_route=%2Fwp%2Fv2%2Fcomments&post=167"}],"version-history":[{"count":9,"href":"https:\/\/www.lessmeister.de\/index.php?rest_route=\/wp\/v2\/pages\/167\/revisions"}],"predecessor-version":[{"id":215,"href":"https:\/\/www.lessmeister.de\/index.php?rest_route=\/wp\/v2\/pages\/167\/revisions\/215"}],"wp:attachment":[{"href":"https:\/\/www.lessmeister.de\/index.php?rest_route=%2Fwp%2Fv2%2Fmedia&parent=167"}],"curies":[{"name":"wp","href":"https:\/\/api.w.org\/{rel}","templated":true}]}}